{"id":5778,"date":"2023-06-22T14:39:06","date_gmt":"2023-06-22T14:39:06","guid":{"rendered":"https:\/\/planescomplementariossalud.es\/elementor-4616\/"},"modified":"2023-11-29T09:26:39","modified_gmt":"2023-11-29T09:26:39","slug":"elementor-4616","status":"publish","type":"page","link":"https:\/\/planescomplementariossalud.es\/gl\/elementor-4616\/","title":{"rendered":"Timeline"},"content":{"rendered":"\t\t<div data-elementor-type=\"wp-page\" data-elementor-id=\"5778\" class=\"elementor elementor-5778 elementor-4616\" data-elementor-post-type=\"page\">\n\t\t\t\t\t\t<section class=\"elementor-section elementor-top-section elementor-element elementor-element-2f43209 elementor-section-boxed elementor-section-height-default elementor-section-height-default\" data-id=\"2f43209\" data-element_type=\"section\" data-e-type=\"section\">\n\t\t\t\t\t\t<div class=\"elementor-container elementor-column-gap-default\">\n\t\t\t\t\t<div class=\"elementor-column elementor-col-100 elementor-top-column elementor-element elementor-element-1fe0ad3\" data-id=\"1fe0ad3\" data-element_type=\"column\" data-e-type=\"column\">\n\t\t\t<div class=\"elementor-widget-wrap\">\n\t\t\t\t\t\t\t<\/div>\n\t\t<\/div>\n\t\t\t\t\t<\/div>\n\t\t<\/section>\n\t\t\t\t<section class=\"elementor-section elementor-top-section elementor-element elementor-element-9b68bae elementor-section-full_width elementor-section-height-default elementor-section-height-default\" data-id=\"9b68bae\" data-element_type=\"section\" data-e-type=\"section\">\n\t\t\t\t\t\t<div class=\"elementor-container elementor-column-gap-default\">\n\t\t\t\t\t<div class=\"elementor-column elementor-col-100 elementor-top-column elementor-element elementor-element-ca6c102\" data-id=\"ca6c102\" data-element_type=\"column\" data-e-type=\"column\">\n\t\t\t<div class=\"elementor-widget-wrap elementor-element-populated\">\n\t\t\t\t\t\t<div class=\"elementor-element elementor-element-a6aa11e elementor-widget elementor-widget-timeline-widget-addon\" data-id=\"a6aa11e\" data-element_type=\"widget\" data-e-type=\"widget\" data-widget_type=\"timeline-widget-addon.default\">\n\t\t\t\t<div class=\"elementor-widget-container\">\n\t\t\t\t\t<!-- ========= Timeline Widget Pro For Elementor 1.9.5 ========= -->\r\n<div id=\"twae-wrapper-a6aa11e\" data-style=\"style-1\" data-enable-popup=\"no\" class=\"twae-horizontal-timeline twae-wrapper twae-horizontal-wrapper style-1 twae-bg-simple \">\r\n<div class=\"twae-wrapper-inside\"><div id=\"twae-slider-container\" data-dir=\"\" data-slidestoshow=\"6\" data-spacebw=\"20\" data-autoplay=\"false\" data-style=\"style-1\" data-infinite-loop=\"false\" data-speed=\"1000\" data-label-ht=\"\" data-stop-autoplay-onhover=\"\" class=\"twae-slider-container swiper-container  \">\r\n    <div  class=\"twae-slider-wrapper swiper-wrapper default-height\"><div  id=\"twae-article-909b1f8\" class=\"twae-story swiper-slide elementor-repeater-item-909b1f8 twae-story-no-icon twae-position-40-minus  \" data-index=\"0\"><div class=\"twae-story-line\"><\/div><div class=\"twae-year\">\r\n                                    <div class=\"twae-year-text\" >2022<\/div>\r\n                                <\/div><div class=\"twae-icondot\"><\/div><div class=\"twae-arrow\" ><\/div><div class=\"twae-content\"><div class=\"twae-description\"><h6><span style=\"color: #339966;\">Presentaci\u00f3n del Plan Complementario en Barcelona<\/span><\/h6><\/div><\/div><\/div><div  id=\"twae-article-9e0d447\" class=\"twae-story swiper-slide elementor-repeater-item-9e0d447 twae-story-no-icon twae-position-40-minus  \" data-index=\"1\"><div class=\"twae-story-line\"><\/div><div class=\"twae-icondot\"><\/div><div class=\"twae-arrow\" ><\/div><div class=\"twae-content\"><div class=\"twae-description\"><h6><span style=\"color: #333333;\">Constituci\u00f3n de los Comit\u00e9s Estatales del Plan Complementario (Coordinaci\u00f3n, Cient\u00edfico y de Gesti\u00f3n)<\/span><\/h6><\/div><\/div><\/div><div  id=\"twae-article-08be390\" class=\"twae-story swiper-slide elementor-repeater-item-08be390 twae-story-no-icon twae-position-40-minus  \" data-index=\"2\"><div class=\"twae-story-line\"><\/div><div class=\"twae-icondot\"><\/div><div class=\"twae-arrow\" ><\/div><div class=\"twae-content\"><div class=\"twae-description\"><h6><span style=\"color: #333333;\">Puesta en marcha de la Plataforma avanzada de crioME para estudios estructurales aplicados a medicina personalizada <\/span><\/h6><\/div><\/div><\/div><div  id=\"twae-article-227be02\" class=\"twae-story swiper-slide elementor-repeater-item-227be02 twae-story-no-icon twae-position-40-minus  \" data-index=\"3\"><div class=\"twae-story-line\"><\/div><div class=\"twae-icondot\"><\/div><div class=\"twae-arrow\" ><\/div><div class=\"twae-content\"><div class=\"twae-description\"><h6><span style=\"color: #333333;\">Puesta en marcha de la Unidad de estudio de Nanof\u00e1rmacos <\/span><\/h6><\/div><\/div><\/div><div  id=\"twae-article-b20a5f4\" class=\"twae-story swiper-slide elementor-repeater-item-b20a5f4 twae-story-no-icon twae-position-40-minus  \" data-index=\"4\"><div class=\"twae-story-line\"><\/div><div class=\"twae-icondot\"><\/div><div class=\"twae-arrow\" ><\/div><div class=\"twae-content\"><div class=\"twae-description\"><h6><span style=\"color: #333333;\">Selecci\u00f3n proyectos colaborativos Catalu\u00f1a<\/span><\/h6><\/div><\/div><\/div><div  id=\"twae-article-c4d2fa6\" class=\"twae-story swiper-slide elementor-repeater-item-c4d2fa6 twae-story-no-icon twae-position-40-minus  \" data-index=\"5\"><div class=\"twae-story-line\"><\/div><div class=\"twae-icondot\"><\/div><div class=\"twae-arrow\" ><\/div><div class=\"twae-content\"><div class=\"twae-description\"><h6><span style=\"color: #333333;\">Selecci\u00f3n proyectos colaborativos Catalu\u00f1a<\/span><\/h6><\/div><\/div><\/div><div  id=\"twae-article-d516d62\" class=\"twae-story swiper-slide elementor-repeater-item-d516d62 twae-story-no-icon twae-position-40-minus  \" data-index=\"6\"><div class=\"twae-story-line\"><\/div><div class=\"twae-icondot\"><\/div><div class=\"twae-arrow\" ><\/div><div class=\"twae-content\"><div class=\"twae-description\"><h6><span style=\"color: #333333;\">Puesta en marcha de la plataforma de biomodelos en el Pa\u00eds Vasco<\/span><\/h6><\/div><\/div><\/div><div  id=\"twae-article-63cb084\" class=\"twae-story swiper-slide elementor-repeater-item-63cb084 twae-story-no-icon twae-position-40-minus  \" data-index=\"7\"><div class=\"twae-story-line\"><\/div><div class=\"twae-year\">\r\n                                    <div class=\"twae-year-text\" >2023<\/div>\r\n                                <\/div><div class=\"twae-icondot\"><\/div><div class=\"twae-arrow\" ><\/div><div class=\"twae-content\"><div class=\"twae-description\"><h6>1\u00aa Jornada del Plan Complementario: Innovaci\u00f3n Multidisciplinar en Medicina Personalizada<\/h6><\/div><\/div><\/div><div  id=\"twae-article-8130553\" class=\"twae-story swiper-slide elementor-repeater-item-8130553 twae-story-no-icon twae-position-40-minus  \" data-index=\"8\"><div class=\"twae-story-line\"><\/div><div class=\"twae-icondot\"><\/div><div class=\"twae-arrow\" ><\/div><div class=\"twae-content\"><div class=\"twae-description\"><p><span style=\"color: #333333;\">Puesta en marcha de la plataforma de biomodelos en el Pa\u00eds Vasco<\/span><\/p><\/div><\/div><\/div><div  id=\"twae-article-5525876\" class=\"twae-story swiper-slide elementor-repeater-item-5525876 twae-story-icon twae-position-40-minus  \" data-index=\"9\"><div class=\"twae-story-line\"><\/div><div class=\"twae-labels \" data-aos=\"\"><div class=\"twae-label-big\">March 30<\/div><div class=\"twae-label-small\">Sub Label<\/div><\/div><div class=\"twae-icon\"><i aria-hidden=\"true\" class=\"far fa-clock\"><\/i><\/div><div class=\"twae-arrow\" ><\/div><div class=\"twae-content\"><div class=\"twae-title\">Add Title Here<\/div><div class=\"twae-media large\"><img decoding=\"async\" src=\"https:\/\/planescomplementariossalud.es\/wp-content\/plugins\/elementor\/assets\/images\/placeholder.png\"><\/img><\/div><div class=\"twae-description\">Add Description Here<\/div><\/div><\/div> <\/div><\/div><\/div> <!-- Add Arrows -->\r\n            <div class=\"twae-button-prev\"><i class=\"fas fa-chevron-left\"><\/i><\/div>\r\n            <div class=\"twae-button-next\"><i class=\"fas fa-chevron-right\"><\/i><\/div>\r\n            <div class=\"twae-h-line\"><\/div>\r\n            <div class=\"twae-line-fill\"><\/div>\r\n<\/div>\r\n<style type=\"text\/css\"><\/style>\t\t\t\t<\/div>\n\t\t\t\t<\/div>\n\t\t\t\t<div class=\"elementor-element elementor-element-1a5953b elementor-widget elementor-widget-timeline-widget-addon\" data-id=\"1a5953b\" data-element_type=\"widget\" data-e-type=\"widget\" data-widget_type=\"timeline-widget-addon.default\">\n\t\t\t\t<div class=\"elementor-widget-container\">\n\t\t\t\t\t<!-- ========= Timeline Widget Pro For Elementor 1.9.5 ========= -->\r\n<div id=\"twae-wrapper-1a5953b\" data-style=\"style-1\" data-enable-popup=\"no\" data-space=\"60\" data-line-filling=\"\" class=\"twae-vertical twae-wrapper twae-vertical-right style-1 twae-bg-simple\">   \r\n    <div class=\"twae-start\"><\/div>    \r\n    <div id=\"twae-line-1a5953b\" data-style=\"style-1\" data-line_id=\"twae-line-1a5953b\" class=\"twae-line twae-timeline \" ><div id=\"twae-a11534c\" class=\"twae-story elementor-repeater-item-a11534c twae-repeater-item twae-story-right twae-story-icon    \"><div class=\"twae-labels \" data-aos=\"fade\"><div class=\"twae-label-big\">July 5<\/div><div class=\"twae-label-small\">Introduced<\/div><\/div><div class=\"twae-icon\"><i aria-hidden=\"true\" class=\"far fa-clock\"><\/i><\/div><div class=\"twae-arrow\" ><\/div><div class=\"twae-content\"  data-aos=\"fade\"><div class=\"twae-title\">Amazon is born<\/div><div class=\"twae-media large\"><img decoding=\"async\" src=\"https:\/\/planescomplementariossalud.es\/wp-content\/plugins\/timeline-widget-addon-for-elementor\/assets\/images\/amazon1.jpg\"><\/img><\/div><div class=\"twae-description\">Lorem ipsum dolor sit amet, consectetur adipiscing elit. Erat enim res aperta. Ne discipulum abducam, times. Primum quid tu dicis breve? An haec ab eo non dicuntur?<\/div><\/div><\/div><div id=\"twae-560e81d\" class=\"twae-story elementor-repeater-item-560e81d twae-repeater-item twae-story-right twae-story-icon    \"><div class=\"twae-labels \" data-aos=\"fade\"><div class=\"twae-label-big\">February 2<\/div><div class=\"twae-label-small\">Expanded<\/div><\/div><div class=\"twae-icon\"><i aria-hidden=\"true\" class=\"far fa-clock\"><\/i><\/div><div class=\"twae-arrow\" ><\/div><div class=\"twae-content\"  data-aos=\"fade\"><div class=\"twae-title\">Amazon Prime debuts<\/div><div class=\"twae-media large\"><img decoding=\"async\" src=\"https:\/\/planescomplementariossalud.es\/wp-content\/plugins\/timeline-widget-addon-for-elementor\/assets\/images\/amazon2.jpg\"><\/img><\/div><div class=\"twae-description\">Aliter homines, aliter philosophos loqui putas oportere? Sin aliud quid voles, postea. Mihi enim satis est, ipsis non satis. Negat enim summo bono afferre incrementum diem. Quod ea non occurrentia fingunt, vincunt Aristonem.<\/div><\/div><\/div><div id=\"twae-ecea543\" class=\"twae-story elementor-repeater-item-ecea543 twae-repeater-item twae-story-right twae-story-icon    \"><div class=\"twae-labels \" data-aos=\"fade\"><div class=\"twae-label-big\">January 31<\/div><div class=\"twae-label-small\">Expanded<\/div><\/div><div class=\"twae-icon\"><i aria-hidden=\"true\" class=\"far fa-clock\"><\/i><\/div><div class=\"twae-arrow\" ><\/div><div class=\"twae-content\"  data-aos=\"fade\"><div class=\"twae-title\">Amazon acquires Audible<\/div><div class=\"twae-media large\"><img decoding=\"async\" src=\"https:\/\/planescomplementariossalud.es\/wp-content\/plugins\/timeline-widget-addon-for-elementor\/assets\/images\/amazon3.png\"><\/img><\/div><div class=\"twae-description\">Lorem ipsum dolor sit amet, consectetur adipiscing elit, sed do eiusmod tempor incididunt ut labore et dolore magna aliqua. Ut enim ad minim veniam, quis nostrud exercitation ullamco laboris nisi ut aliquip ex ea commodo consequat.<\/div><\/div><\/div><\/div>\r\n<div class=\"twae-end\"><\/div>   \r\n<\/div><style type=\"text\/css\"><\/style>\t\t\t\t<\/div>\n\t\t\t\t<\/div>\n\t\t\t\t\t<\/div>\n\t\t<\/div>\n\t\t\t\t\t<\/div>\n\t\t<\/section>\n\t\t\t\t<\/div>\n\t\t","protected":false},"excerpt":{"rendered":"<p>2022 Presentaci\u00f3n del Plan Complementario en Barcelona Constituci\u00f3n de los Comit\u00e9s Estatales del Plan Complementario (Coordinaci\u00f3n, Cient\u00edfico y de Gesti\u00f3n) Puesta en marcha de la Plataforma avanzada de crioME para estudios estructurales aplicados a medicina personalizada Puesta en marcha de la Unidad de estudio de Nanof\u00e1rmacos Selecci\u00f3n proyectos colaborativos Catalu\u00f1a Selecci\u00f3n proyectos colaborativos Catalu\u00f1a Puesta &hellip;<\/p>\n<p class=\"read-more\"> <a class=\"\" href=\"https:\/\/planescomplementariossalud.es\/gl\/elementor-4616\/\"> <span class=\"screen-reader-text\">Timeline<\/span> Ler m\u00e1is &raquo;<\/a><\/p>\n","protected":false},"author":3,"featured_media":0,"parent":0,"menu_order":0,"comment_status":"closed","ping_status":"closed","template":"","meta":{"site-sidebar-layout":"no-sidebar","site-content-layout":"page-builder","ast-site-content-layout":"","site-content-style":"default","site-sidebar-style":"default","ast-global-header-display":"","ast-banner-title-visibility":"","ast-main-header-display":"","ast-hfb-above-header-display":"","ast-hfb-below-header-display":"","ast-hfb-mobile-header-display":"","site-post-title":"disabled","ast-breadcrumbs-content":"","ast-featured-img":"disabled","footer-sml-layout":"","theme-transparent-header-meta":"","adv-header-id-meta":"","stick-header-meta":"","header-above-stick-meta":"","header-main-stick-meta":"","header-below-stick-meta":"","astra-migrate-meta-layouts":"","ast-page-background-enabled":"default","ast-page-background-meta":{"desktop":{"background-color":"var(--ast-global-color-4)","background-image":"","background-repeat":"repeat","background-position":"center center","background-size":"auto","background-attachment":"scroll","background-type":"","background-media":"","overlay-type":"","overlay-color":"","overlay-gradient":""},"tablet":{"background-color":"","background-image":"","background-repeat":"repeat","background-position":"center center","background-size":"auto","background-attachment":"scroll","background-type":"","background-media":"","overlay-type":"","overlay-color":"","overlay-gradient":""},"mobile":{"background-color":"","background-image":"","background-repeat":"repeat","background-position":"center center","background-size":"auto","background-attachment":"scroll","background-type":"","background-media":"","overlay-type":"","overlay-color":"","overlay-gradient":""}},"ast-content-background-meta":{"desktop":{"background-color":"var(--ast-global-color-5)","background-image":"","background-repeat":"repeat","background-position":"center center","background-size":"auto","background-attachment":"scroll","background-type":"","background-media":"","overlay-type":"","overlay-color":"","overlay-gradient":""},"tablet":{"background-color":"var(--ast-global-color-5)","background-image":"","background-repeat":"repeat","background-position":"center center","background-size":"auto","background-attachment":"scroll","background-type":"","background-media":"","overlay-type":"","overlay-color":"","overlay-gradient":""},"mobile":{"background-color":"var(--ast-global-color-5)","background-image":"","background-repeat":"repeat","background-position":"center center","background-size":"auto","background-attachment":"scroll","background-type":"","background-media":"","overlay-type":"","overlay-color":"","overlay-gradient":""}},"footnotes":""},"class_list":["post-5778","page","type-page","status-publish","hentry"],"_links":{"self":[{"href":"https:\/\/planescomplementariossalud.es\/gl\/wp-json\/wp\/v2\/pages\/5778","targetHints":{"allow":["GET"]}}],"collection":[{"href":"https:\/\/planescomplementariossalud.es\/gl\/wp-json\/wp\/v2\/pages"}],"about":[{"href":"https:\/\/planescomplementariossalud.es\/gl\/wp-json\/wp\/v2\/types\/page"}],"author":[{"embeddable":true,"href":"https:\/\/planescomplementariossalud.es\/gl\/wp-json\/wp\/v2\/users\/3"}],"replies":[{"embeddable":true,"href":"https:\/\/planescomplementariossalud.es\/gl\/wp-json\/wp\/v2\/comments?post=5778"}],"version-history":[{"count":1,"href":"https:\/\/planescomplementariossalud.es\/gl\/wp-json\/wp\/v2\/pages\/5778\/revisions"}],"predecessor-version":[{"id":5783,"href":"https:\/\/planescomplementariossalud.es\/gl\/wp-json\/wp\/v2\/pages\/5778\/revisions\/5783"}],"wp:attachment":[{"href":"https:\/\/planescomplementariossalud.es\/gl\/wp-json\/wp\/v2\/media?parent=5778"}],"curies":[{"name":"wp","href":"https:\/\/api.w.org\/{rel}","templated":true}]}}